{"id":1847,"date":"2019-10-03T09:55:36","date_gmt":"2019-10-03T15:55:36","guid":{"rendered":"http:\/\/www.tudominioweb.es\/Montseny\/?page_id=1847"},"modified":"2019-10-16T14:52:52","modified_gmt":"2019-10-16T20:52:52","slug":"dinteres-per-als-autors-darticles-a-monografies-del-montseny","status":"publish","type":"page","link":"https:\/\/www.tudominioweb.es\/Montseny\/dinteres-per-als-autors-darticles-a-monografies-del-montseny\/","title":{"rendered":"D\u2019inter\u00e8s per als autors d\u2019articles a Monografies del Montseny"},"content":{"rendered":"[vc_row][vc_column width=&#8221;1\/6&#8243;][\/vc_column][vc_column width=&#8221;2\/3&#8243;][vc_custom_heading text=&#8221;D\u2019inter\u00e8s per als autors d\u2019articles a Monografies del Montseny&#8221; font_container=&#8221;tag:h1|text_align:center&#8221; google_fonts=&#8221;font_family:Arimo%3Aregular%2Citalic%2C700%2C700italic|font_style:400%20regular%3A400%3Anormal&#8221;][vc_separator][vc_empty_space][vc_custom_heading text=&#8221;Naturalesa i orientaci\u00f3 tem\u00e0tica de Monografies del Montseny&#8221;][vc_column_text]<strong>1. Monografies del Montseny<\/strong> \u00e9s una llibre (en format paper, amb ISBN) editat anualment per l\u2019associaci\u00f3 Amics del Montseny, orientat a la <strong>publicaci\u00f3 d\u2019articles de divulgaci\u00f3<\/strong> que tinguin com \u00e0mbit o objectiu prioritari el <strong>Montseny<\/strong>, o que els editors puguin considerar d\u2019inter\u00e8s. Alhora, els mateixos articles seran publicats en obert a\u00a0<strong><a href=\"http:\/\/www.amicsdelmontseny.cat\">www.amicsdelmontseny.ca<\/a>t<\/strong><\/p>\n<p><a href=\"http:\/\/www.amicsdelmontseny.cat\">2. <\/a><strong>Monografies del Montseny<\/strong> accepta originals pr\u00e8viament proposats a\u00a0 consideraci\u00f3 i sotmesos al proc\u00e9s de revisi\u00f3 del Consell de Redacci\u00f3, que presentin <strong>resultats <\/strong>d\u2019acord amb els <strong>m\u00e8todes habituals de treball i \u00a0publicaci\u00f3 de les ci\u00e8ncies humanes, socials, naturals i del medi<\/strong>. No s&#8217;acceptaran articles ja publicats (de manera literal) o en premsa.[\/vc_column_text][vc_custom_heading text=&#8221;<br \/>\nProc\u00e9s de proposta, lliurament i avaluaci\u00f3 d\u2019articles<br \/>\n&#8220;][vc_column_text]3. Els autors interessats a proposar un article per al proper n\u00famero previst de<strong> Monografies del Montseny<\/strong> han de fer arribar els originals de l\u2019article proposat a l\u2019actual director de <strong>Monografies del Montseny,<\/strong> a l\u2019adre\u00e7a electr\u00f2nica oscar.farrerons@upc.edu<\/p>\n<p>4. El lliurament dels originals s\u2019ha de fer per mitj\u00e0 d\u2019un <strong>fitxer digital<\/strong> en format <strong>.doc <\/strong>o<strong> .docx<\/strong> i <strong>pdf<\/strong> per correu electr\u00f2nic (amb fotografies o il\u00b7lustracions si en porten) abans de finals del mes de febrer.<\/p>\n<p>5. Cal lliurar en fitxers a banda les <strong>il\u00b7lustracions, taules o mapes<\/strong> en bones condici\u00adons; les <strong>fotografies<\/strong> seran preferentment de bona qualitat i ben contrastades, en format .jpg, i amb indicaci\u00f3 de la seva autoria; totes han d\u2019anar <strong>numerades<\/strong> correlativament i cal facilitar el <strong>peu d\u2019il\u00b7lustraci\u00f3<\/strong> corresponent. Si se\u2019n proposen m\u00e9s de cinc, el Consell de Redacci\u00f3 podr\u00e0 resoldre sobre la conveni\u00e8ncia de publicar-les. Tota figura ha de ser indicada al text.<\/p>\n<p>6. Els articles lliurats no superaran <strong>l\u2019extensi\u00f3 de<\/strong> <strong>10 p\u00e0gines<\/strong> habituals (30 l\u00ednies x 70 car\u00e0cters), incloent-hi les il\u00b7lustracions, mapes o taules. En total aproximadament 22.000 car\u00e0cters amb espais; altrament el Consell de Redacci\u00f3 en valorar\u00e0 la publicaci\u00f3.<\/p>\n<p>7. Els articles seran <strong>revisats an\u00f2nimament pel Consell de Redacci\u00f3 o per avaluadors externs<\/strong> a Monografies del Montseny. S\u2019informar\u00e0 personalment sobre la idone\u00eftat o no de la publicaci\u00f3, i es permetr\u00e0 un nou enviament amb les modificacions proposades si fos el cas.[\/vc_column_text][vc_custom_heading text=&#8221;Sobre l\u2019organitzaci\u00f3 i format dels originals<br \/>\n&#8220;][vc_column_text]8. A l\u2019inici cal un <strong>resum en catal\u00e0 de 900 car\u00e0cters amb espais<\/strong> com a m\u00e0xim. I el mateix resum (de 900 de car\u00e0cters amb espais) <strong>en angl\u00e8s<\/strong>.<\/p>\n<p>9. Els <strong>t\u00edtols<\/strong> dels diversos apartats no aniran numerats i seran en negreta i separats per un espai addicional de l\u2019inici del par\u00e0graf. <strong>No s\u2019accepten segons nivells<\/strong>.<\/p>\n<p>10. Pel que fa a la <strong>cursiva<\/strong> dins el text, hi aniran els mots individuals o expressions en <strong>altres lleng\u00fces<\/strong> aix\u00ed com els t\u00edtols d\u2019obres art\u00edstiques, liter\u00e0ries o de publicacions peri\u00f2diques.<\/p>\n<p>11. Les <strong>citacions textuals<\/strong> aniran sempre <strong>entre cometes<\/strong>, sense cap altra distinci\u00f3 especial, tret que siguin en llengua no catalana, cas en qu\u00e8 aniran tamb\u00e9 en cursiva.<\/p>\n<p>12. Es recomanable un <strong>llistat final de bibliografia b\u00e0sica <\/strong>(no extensiva), <strong>ordenada alfab\u00e8ticament<\/strong>. Les refer\u00e8ncies s\u2019encap\u00e7alaran pel <strong>primer cognom de l\u2019autor<\/strong> i el segon si \u00e9s un cognom com\u00fa) seguit de l\u2019abreviatura del nom (Ex: Farrerons, O.). Tota refer\u00e8ncia feta dins el text s\u2019ha incloure en la bibliografia final, i preferentment tota citaci\u00f3 bibliogr\u00e0fica ha de ser citada en el text. Per citar les refer\u00e8ncies es recomana la disposici\u00f3 seg\u00fcent:<\/p>\n<p><strong>Refer\u00e8ncies generals a una obra: <\/strong><\/p>\n<ul>\n<li>Albesa, C. (1996). <em>Postals del Montseny 2<\/em>. Barcelona: Publicacions de l&#8217;Abadia de Montserrat.<\/li>\n<li>Farreras, M. (1929). <em>El Montseny, su presente y su porvenir<\/em>. Barcelona: Ed. Garrof\u00e9.<\/li>\n<\/ul>\n<p><strong>Refer\u00e8ncies particulars a un fragment o p\u00e0gina:<\/strong><\/p>\n<ul>\n<li>Boada, M. (2003). Introducci\u00f3. En Pagespetit, Ll. <em>111 fonts del Montseny i molts indrets per descobrir<\/em>. Sant Vicen\u00e7 de Castellet: Farell editors.<\/li>\n<\/ul>\n<p><strong>Refer\u00e8ncies a revistes o publicacions peri\u00f2diques:<\/strong><\/p>\n<ul>\n<li>Carmona, J.M.; Font, X.; Viladevall, M. (2002). <em>Relaci\u00f3 entre les caracter\u00edstiques qu\u00edmiques de les aig\u00fces subterr\u00e0nies del Montseny i el seu context geol\u00f2gic<\/em>. Barcelona: Diputaci\u00f3 de Barcelona. V Trobada d&#8217;Estudiosos del Montseny.<\/li>\n<\/ul>\n<p><strong>Refer\u00e8ncies a documents en l\u00ednia:<\/strong><\/p>\n<ul>\n<li>Gallart, M.; Jim\u00e9nez, N. (2003). <em>Diagnosi ambiental i historicocultural de les fonts m\u00e9s representatives del Parc Natural del Montseny<\/em>. Diputaci\u00f3 de Barcelona. <a href=\"http:\/\/cataleg.parcs.diba.cat\/documents_diba\/p03d098.pdf\">http:\/\/cataleg.parcs.diba.cat\/documents_diba\/p03d098.pdf<\/a> [consulta: setembre 2019].<\/li>\n<\/ul>\n<p>13. Per a les <strong>crides de nota<\/strong> es fan servir numerets volats correlatius (en posici\u00f3 de super\u00edndex). Preferiblement se situen a final de par\u00e0graf i no a final de mot. Tant en l\u2019un cas com en l\u2019altre, se situen sempre despr\u00e9s dels signes de puntuaci\u00f3. (Ex: \u201c&#8230;constitu\u00efa una declaraci\u00f3 d\u2019intencions.<sup>5<\/sup>\u201d).<\/p>\n<p>14. No es disposa de <strong>revisi\u00f3 ortogr\u00e0fica<\/strong>, que ser\u00e0 responsabilitat de l\u2019autor.<\/p>\n<p>15. Pel que fa a la <strong>revisi\u00f3 d\u2019estil i de proves d&#8217;impremta<\/strong>, es dur\u00e0 a terme de manera ordin\u00e0ria per part del Consell de Redacci\u00f3. En el cas que sigui necessari hom es posar\u00e0 en contacte amb l\u2019autor.[\/vc_column_text][vc_custom_heading text=&#8221;<br \/>\nNota biogr\u00e0fica de l\u2019autor. Publicaci\u00f3<\/p>\n<p>&#8220;][vc_column_text]16. Els articles no podran ser <strong>mai an\u00f2nims, ni signats sota pseud\u00f2nim<\/strong>. Es recomana que l\u2019article tingui un m\u00e0xim de quatre autors. En cas d\u2019articles d\u2019una associaci\u00f3 o grup, es suggereix que estigui signat per algun membre significat de l\u2019associaci\u00f3 (per exemple el president o el secretari<\/p>\n<p>17. L\u2019article acabar\u00e0 sempre amb una <strong>nota biogr\u00e0fica <\/strong>de l\u2019autor, <strong>de 800 car\u00e0cters amb espais<\/strong> com a m\u00e0xim (que inclogui poblaci\u00f3 i any de naixement). Una nota per cada autor de l\u2019article (Ex: si hi ha tres autors, tres notes biogr\u00e0fiques).<\/p>\n<p>18. La publicaci\u00f3 d\u2019un article (al format paper i tamb\u00e9 al web) ser\u00e0 sempre amb <strong>car\u00e0cter gratu\u00eft<\/strong>. Per cada article publicat els autors rebran, a mode de cortesia, dos exemplars del llibre en format paper.[\/vc_column_text][vc_custom_heading text=&#8221;Opini\u00f3<\/p>\n<p>&#8220;][vc_column_text]19. L\u2019associaci\u00f3 Amics del Montseny i el Consell de Redacci\u00f3 de Monografies del Montseny <strong>no necess\u00e0riament comparteixen les opinions<\/strong> expressades pels autors en els seus treballs.[\/vc_column_text][\/vc_column][vc_column width=&#8221;1\/6&#8243;][\/vc_column][\/vc_row]\n","protected":false},"excerpt":{"rendered":"<p>[vc_row][vc_column width=&#8221;1\/6&#8243;][\/vc_column][vc_column width=&#8221;2\/3&#8243;][vc_custom_heading text=&#8221;D\u2019inter\u00e8s per als autors d\u2019articles a Monografies del Montseny&#8221; font_container=&#8221;tag:h1|text_align:center&#8221; google_fonts=&#8221;font_family:Arimo%3Aregular%2Citalic%2C700%2C700italic|font_style:400%20regular%3A400%3Anormal&#8221;][vc_separator][vc_empty_space][vc_custom_heading text=&#8221;Naturalesa i orientaci\u00f3 tem\u00e0tica de Monografies del Montseny&#8221;][vc_column_text]1. Monografies del Montseny \u00e9s una llibre (en format&#8230;<\/p>\n","protected":false},"author":1,"featured_media":0,"parent":0,"menu_order":0,"comment_status":"closed","ping_status":"closed","template":"","meta":{"footnotes":""},"class_list":["post-1847","page","type-page","status-publish"],"_links":{"self":[{"href":"https:\/\/www.tudominioweb.es\/Montseny\/wp-json\/wp\/v2\/pages\/1847","targetHints":{"allow":["GET"]}}],"collection":[{"href":"https:\/\/www.tudominioweb.es\/Montseny\/wp-json\/wp\/v2\/pages"}],"about":[{"href":"https:\/\/www.tudominioweb.es\/Montseny\/wp-json\/wp\/v2\/types\/page"}],"author":[{"embeddable":true,"href":"https:\/\/www.tudominioweb.es\/Montseny\/wp-json\/wp\/v2\/users\/1"}],"replies":[{"embeddable":true,"href":"https:\/\/www.tudominioweb.es\/Montseny\/wp-json\/wp\/v2\/comments?post=1847"}],"version-history":[{"count":12,"href":"https:\/\/www.tudominioweb.es\/Montseny\/wp-json\/wp\/v2\/pages\/1847\/revisions"}],"predecessor-version":[{"id":1852,"href":"https:\/\/www.tudominioweb.es\/Montseny\/wp-json\/wp\/v2\/pages\/1847\/revisions\/1852"}],"wp:attachment":[{"href":"https:\/\/www.tudominioweb.es\/Montseny\/wp-json\/wp\/v2\/media?parent=1847"}],"curies":[{"name":"wp","href":"https:\/\/api.w.org\/{rel}","templated":true}]}}